{"id":625,"date":"2023-11-06T10:34:33","date_gmt":"2023-11-06T10:34:33","guid":{"rendered":"https:\/\/eixoedebate.pt\/quem-somos\/"},"modified":"2024-10-07T16:31:40","modified_gmt":"2024-10-07T16:31:40","slug":"quem-somos","status":"publish","type":"page","link":"https:\/\/eixoedebate.pt\/pt-pt\/quem-somos\/","title":{"rendered":"Quem somos"},"content":{"rendered":"\t\t<div data-elementor-type=\"wp-page\" data-elementor-id=\"625\" class=\"elementor elementor-625 elementor-28\" data-elementor-post-type=\"page\">\n\t\t\t\t\t\t<section class=\"elementor-section elementor-top-section elementor-element elementor-element-38d3ecd4 elementor-section-full_width elementor-section-content-middle elementor-reverse-mobile elementor-section-height-min-height elementor-section-items-stretch elementor-section-height-default\" data-id=\"38d3ecd4\" data-element_type=\"section\">\n\t\t\t\t\t\t<div class=\"elementor-container elementor-column-gap-no\">\n\t\t\t\t\t<div class=\"elementor-column elementor-col-50 elementor-top-column elementor-element elementor-element-2c783f98\" data-id=\"2c783f98\" data-element_type=\"column\" data-settings=\"{&quot;background_background&quot;:&quot;classic&quot;}\">\n\t\t\t<div class=\"elementor-widget-wrap elementor-element-populated\">\n\t\t\t\t\t\t<div class=\"elementor-element elementor-element-6888a61f elementor-widget elementor-widget-spacer\" data-id=\"6888a61f\" data-element_type=\"widget\" data-widget_type=\"spacer.default\">\n\t\t\t\t<div class=\"elementor-widget-container\">\n\t\t\t<style>\/*! elementor - v3.19.0 - 29-01-2024 *\/\n.elementor-column .elementor-spacer-inner{height:var(--spacer-size)}.e-con{--container-widget-width:100%}.e-con-inner>.elementor-widget-spacer,.e-con>.elementor-widget-spacer{width:var(--container-widget-width,var(--spacer-size));--align-self:var(--container-widget-align-self,initial);--flex-shrink:0}.e-con-inner>.elementor-widget-spacer>.elementor-widget-container,.e-con>.elementor-widget-spacer>.elementor-widget-container{height:100%;width:100%}.e-con-inner>.elementor-widget-spacer>.elementor-widget-container>.elementor-spacer,.e-con>.elementor-widget-spacer>.elementor-widget-container>.elementor-spacer{height:100%}.e-con-inner>.elementor-widget-spacer>.elementor-widget-container>.elementor-spacer>.elementor-spacer-inner,.e-con>.elementor-widget-spacer>.elementor-widget-container>.elementor-spacer>.elementor-spacer-inner{height:var(--container-widget-height,var(--spacer-size))}.e-con-inner>.elementor-widget-spacer.elementor-widget-empty,.e-con>.elementor-widget-spacer.elementor-widget-empty{position:relative;min-height:22px;min-width:22px}.e-con-inner>.elementor-widget-spacer.elementor-widget-empty .elementor-widget-empty-icon,.e-con>.elementor-widget-spacer.elementor-widget-empty .elementor-widget-empty-icon{position:absolute;top:0;bottom:0;left:0;right:0;margin:auto;padding:0;width:22px;height:22px}<\/style>\t\t<div class=\"elementor-spacer\">\n\t\t\t<div class=\"elementor-spacer-inner\"><\/div>\n\t\t<\/div>\n\t\t\t\t<\/div>\n\t\t\t\t<\/div>\n\t\t\t\t\t<\/div>\n\t\t<\/div>\n\t\t\t\t<div class=\"elementor-column elementor-col-50 elementor-top-column elementor-element elementor-element-7d078919\" data-id=\"7d078919\" data-element_type=\"column\">\n\t\t\t<div class=\"elementor-widget-wrap elementor-element-populated\">\n\t\t\t\t\t\t<div class=\"elementor-element elementor-element-50e92340 elementor-invisible elementor-widget elementor-widget-heading\" data-id=\"50e92340\" data-element_type=\"widget\" data-settings=\"{&quot;_animation&quot;:&quot;fadeIn&quot;}\" data-widget_type=\"heading.default\">\n\t\t\t\t<div class=\"elementor-widget-container\">\n\t\t\t<style>\/*! elementor - v3.19.0 - 29-01-2024 *\/\n.elementor-heading-title{padding:0;margin:0;line-height:1}.elementor-widget-heading .elementor-heading-title[class*=elementor-size-]>a{color:inherit;font-size:inherit;line-height:inherit}.elementor-widget-heading .elementor-heading-title.elementor-size-small{font-size:15px}.elementor-widget-heading .elementor-heading-title.elementor-size-medium{font-size:19px}.elementor-widget-heading .elementor-heading-title.elementor-size-large{font-size:29px}.elementor-widget-heading .elementor-heading-title.elementor-size-xl{font-size:39px}.elementor-widget-heading .elementor-heading-title.elementor-size-xxl{font-size:59px}<\/style><h2 class=\"elementor-heading-title elementor-size-default\">Quem somos<\/h2>\t\t<\/div>\n\t\t\t\t<\/div>\n\t\t\t\t<div class=\"elementor-element elementor-element-6faab4b8 elementor-invisible elementor-widget elementor-widget-text-editor\" data-id=\"6faab4b8\" data-element_type=\"widget\" data-settings=\"{&quot;_animation&quot;:&quot;fadeIn&quot;,&quot;_animation_delay&quot;:400}\" data-widget_type=\"text-editor.default\">\n\t\t\t\t<div class=\"elementor-widget-container\">\n\t\t\t<style>\/*! elementor - v3.19.0 - 29-01-2024 *\/\n.elementor-widget-text-editor.elementor-drop-cap-view-stacked .elementor-drop-cap{background-color:#69727d;color:#fff}.elementor-widget-text-editor.elementor-drop-cap-view-framed .elementor-drop-cap{color:#69727d;border:3px solid;background-color:transparent}.elementor-widget-text-editor:not(.elementor-drop-cap-view-default) .elementor-drop-cap{margin-top:8px}.elementor-widget-text-editor:not(.elementor-drop-cap-view-default) .elementor-drop-cap-letter{width:1em;height:1em}.elementor-widget-text-editor .elementor-drop-cap{float:left;text-align:center;line-height:1;font-size:50px}.elementor-widget-text-editor .elementor-drop-cap-letter{display:inline-block}<\/style>\t\t\t\t<p>No atual mundo, din\u00e2mico e interligado, os projetos com grande impacto requerem frequentemente solu\u00e7\u00f5es financeiras que s\u00e3o t\u00e3o \u00fanicas e globais como os desafios que abordam.<br \/>N\u00e3o somos apenas mais uma empresa de consultoria financeira. A nossa especializa\u00e7\u00e3o consiste em identificar e coordenar estrat\u00e9gias financeiras internacionais especificamente concebidas para projetos nos setores da educa\u00e7\u00e3o, energias renov\u00e1veis, entre outros. Mas porqu\u00ea estes sectores?<br \/>Em tra\u00e7os gerais, acreditamos na cria\u00e7\u00e3o de um mundo onde o conhecimento flui sem problemas e a energia \u00e9 aproveitada de forma sustent\u00e1vel.<\/p>\t\t\t\t\t\t<\/div>\n\t\t\t\t<\/div>\n\t\t\t\t\t<\/div>\n\t\t<\/div>\n\t\t\t\t\t<\/div>\n\t\t<\/section>\n\t\t\t\t<section class=\"elementor-section elementor-top-section elementor-element elementor-element-5e458115 elementor-section-full_width elementor-section-content-middle elementor-section-height-min-height elementor-section-items-stretch elementor-section-height-default\" data-id=\"5e458115\" data-element_type=\"section\">\n\t\t\t\t\t\t<div class=\"elementor-container elementor-column-gap-no\">\n\t\t\t\t\t<div class=\"elementor-column elementor-col-25 elementor-top-column elementor-element elementor-element-3af6cf4d\" data-id=\"3af6cf4d\" data-element_type=\"column\">\n\t\t\t<div class=\"elementor-widget-wrap elementor-element-populated\">\n\t\t\t\t\t\t<div class=\"elementor-element elementor-element-58317cf2 elementor-widget elementor-widget-text-editor\" data-id=\"58317cf2\" data-element_type=\"widget\" data-widget_type=\"text-editor.default\">\n\t\t\t\t<div class=\"elementor-widget-container\">\n\t\t\t\t\t\t\t<p>A nossa equipa \u00e9 constitu\u00edda por especialistas financeiros e profissionais da ind\u00fastria cuja experi\u00eancia combinada abrange continentes, culturas e moedas.\u00a0 Para al\u00e9m da nossa experi\u00eancia, possu\u00edmos uma vasta rede que nos liga aos principais acionistas, \u00f3rg\u00e3os de decis\u00e3o e institui\u00e7\u00f5es financeiras em todo o mundo.<\/p><p>Isto significa que, quando nos associamos ao seu projeto, estamos a utilizar recursos globais para garantir o seu \u00eaxito.<br \/>Mas nem tudo se resume a n\u00fameros e contactos. Na nossa ess\u00eancia, somos movidos pela paix\u00e3o de facilitar projectos que deixem uma pegada positiva e duradoura no nosso planeta. Quer esteja a criar um estabelecimento de ensino inovador na \u00c1sia, a instalar um parque e\u00f3lico na Europa ou a introduzir tecnologia solar em comunidades desfavorecidas em \u00c1frica, estamos aqui para orientar, apoiar e ampliar a sua vis\u00e3o.<\/p><p>Vamos colaborar, inovar e transformar a sua vis\u00e3o em realidade.<\/p>\t\t\t\t\t\t<\/div>\n\t\t\t\t<\/div>\n\t\t\t\t\t<\/div>\n\t\t<\/div>\n\t\t\t\t<div class=\"elementor-column elementor-col-50 elementor-top-column elementor-element elementor-element-4637a95d\" data-id=\"4637a95d\" data-element_type=\"column\" data-settings=\"{&quot;background_background&quot;:&quot;classic&quot;}\">\n\t\t\t<div class=\"elementor-widget-wrap elementor-element-populated\">\n\t\t\t\t\t\t<div class=\"elementor-element elementor-element-59f82a1f elementor-widget elementor-widget-image\" data-id=\"59f82a1f\" data-element_type=\"widget\" data-widget_type=\"image.default\">\n\t\t\t\t<div class=\"elementor-widget-container\">\n\t\t\t<style>\/*! elementor - v3.19.0 - 29-01-2024 *\/\n.elementor-widget-image{text-align:center}.elementor-widget-image a{display:inline-block}.elementor-widget-image a img[src$=\".svg\"]{width:48px}.elementor-widget-image img{vertical-align:middle;display:inline-block}<\/style>\t\t\t\t\t\t\t\t\t\t<img fetchpriority=\"high\" decoding=\"async\" width=\"382\" height=\"497\" src=\"https:\/\/eixoedebate.pt\/wp-content\/uploads\/2023\/11\/Sem-Titulo-6.jpg\" class=\"attachment-large size-large wp-image-100\" alt=\"\" srcset=\"https:\/\/eixoedebate.pt\/wp-content\/uploads\/2023\/11\/Sem-Titulo-6.jpg 382w, https:\/\/eixoedebate.pt\/wp-content\/uploads\/2023\/11\/Sem-Titulo-6-231x300.jpg 231w\" sizes=\"(max-width: 382px) 100vw, 382px\" \/>\t\t\t\t\t\t\t\t\t\t\t\t\t<\/div>\n\t\t\t\t<\/div>\n\t\t\t\t\t<\/div>\n\t\t<\/div>\n\t\t\t\t<div class=\"elementor-column elementor-col-25 elementor-top-column elementor-element elementor-element-486fb163\" data-id=\"486fb163\" data-element_type=\"column\" data-settings=\"{&quot;background_background&quot;:&quot;classic&quot;}\">\n\t\t\t<div class=\"elementor-widget-wrap elementor-element-populated\">\n\t\t\t\t\t\t<div class=\"elementor-element elementor-element-e538226 elementor-widget elementor-widget-image\" data-id=\"e538226\" data-element_type=\"widget\" data-widget_type=\"image.default\">\n\t\t\t\t<div class=\"elementor-widget-container\">\n\t\t\t\t\t\t\t\t\t\t\t\t\t<img decoding=\"async\" width=\"486\" height=\"667\" src=\"https:\/\/eixoedebate.pt\/wp-content\/uploads\/2023\/11\/About-us.png\" class=\"attachment-full size-full wp-image-301\" alt=\"\" srcset=\"https:\/\/eixoedebate.pt\/wp-content\/uploads\/2023\/11\/About-us.png 486w, https:\/\/eixoedebate.pt\/wp-content\/uploads\/2023\/11\/About-us-219x300.png 219w\" sizes=\"(max-width: 486px) 100vw, 486px\" \/>\t\t\t\t\t\t\t\t\t\t\t\t\t<\/div>\n\t\t\t\t<\/div>\n\t\t\t\t\t<\/div>\n\t\t<\/div>\n\t\t\t\t\t<\/div>\n\t\t<\/section>\n\t\t\t\t<section class=\"elementor-section elementor-top-section elementor-element elementor-element-bb3b830 elementor-section-boxed elementor-section-height-default elementor-section-height-default\" data-id=\"bb3b830\" data-element_type=\"section\">\n\t\t\t\t\t\t<div class=\"elementor-container elementor-column-gap-no\">\n\t\t\t\t\t<div class=\"elementor-column elementor-col-100 elementor-top-column elementor-element elementor-element-d6518e8\" data-id=\"d6518e8\" data-element_type=\"column\">\n\t\t\t<div class=\"elementor-widget-wrap elementor-element-populated\">\n\t\t\t\t\t\t<div class=\"elementor-element elementor-element-2f2c2c8 elementor-widget elementor-widget-heading\" data-id=\"2f2c2c8\" data-element_type=\"widget\" data-widget_type=\"heading.default\">\n\t\t\t\t<div class=\"elementor-widget-container\">\n\t\t\t<h2 class=\"elementor-heading-title elementor-size-default\">Equipa<\/h2>\t\t<\/div>\n\t\t\t\t<\/div>\n\t\t\t\t\t<\/div>\n\t\t<\/div>\n\t\t\t\t\t<\/div>\n\t\t<\/section>\n\t\t<div class=\"elementor-element elementor-element-0f974aa e-flex e-con-boxed e-con e-parent\" data-id=\"0f974aa\" data-element_type=\"container\" data-settings=\"{&quot;content_width&quot;:&quot;boxed&quot;}\" data-core-v316-plus=\"true\">\n\t\t\t\t\t<div class=\"e-con-inner\">\n\t\t<div class=\"elementor-element elementor-element-e4e3b86 e-con-full e-flex e-con e-child\" data-id=\"e4e3b86\" data-element_type=\"container\" data-settings=\"{&quot;content_width&quot;:&quot;full&quot;}\">\n\t\t\t\t<div class=\"elementor-element elementor-element-f519523 elementor-widget elementor-widget-image\" data-id=\"f519523\" data-element_type=\"widget\" data-widget_type=\"image.default\">\n\t\t\t\t<div class=\"elementor-widget-container\">\n\t\t\t\t\t\t\t\t\t\t\t\t\t<img decoding=\"async\" width=\"640\" height=\"614\" src=\"https:\/\/eixoedebate.pt\/wp-content\/uploads\/2024\/10\/Marco.png\" class=\"attachment-large size-large wp-image-709\" alt=\"\" srcset=\"https:\/\/eixoedebate.pt\/wp-content\/uploads\/2024\/10\/Marco.png 640w, https:\/\/eixoedebate.pt\/wp-content\/uploads\/2024\/10\/Marco-300x288.png 300w\" sizes=\"(max-width: 640px) 100vw, 640px\" \/>\t\t\t\t\t\t\t\t\t\t\t\t\t<\/div>\n\t\t\t\t<\/div>\n\t\t\t\t<div class=\"elementor-element elementor-element-dd4a0b9 elementor-widget elementor-widget-heading\" data-id=\"dd4a0b9\" data-element_type=\"widget\" data-widget_type=\"heading.default\">\n\t\t\t\t<div class=\"elementor-widget-container\">\n\t\t\t<h2 class=\"elementor-heading-title elementor-size-default\">Marco Ant\u00f3nio Costa<\/h2>\t\t<\/div>\n\t\t\t\t<\/div>\n\t\t\t\t<div class=\"elementor-element elementor-element-1c5b1e6 elementor-widget elementor-widget-heading\" data-id=\"1c5b1e6\" data-element_type=\"widget\" data-widget_type=\"heading.default\">\n\t\t\t\t<div class=\"elementor-widget-container\">\n\t\t\t<h2 class=\"elementor-heading-title elementor-size-default\">CEO<\/h2>\t\t<\/div>\n\t\t\t\t<\/div>\n\t\t\t\t<div class=\"elementor-element elementor-element-29ce73d elementor-widget elementor-widget-text-editor\" data-id=\"29ce73d\" data-element_type=\"widget\" data-widget_type=\"text-editor.default\">\n\t\t\t\t<div class=\"elementor-widget-container\">\n\t\t\t\t\t\t\t<p>\u2022 S\u00f3cio na empresa de advocacia PMC.<\/p><p>\u2022 Desempenhou fun\u00e7\u00f5es pol\u00edticas no Governo portugu\u00eas, como <strong>Presidente da Comiss\u00e3o de Defesa Nacional da Assembleia da Rep\u00fablica, Membro do Conselho de Defesa Nacional, Presidente da Delega\u00e7\u00e3o Portuguesa da Assembleia da Rep\u00fablica junto da Assembleia da Comunidade dos Pa\u00edses de L\u00edngua Portuguesa (CPLP), Secret\u00e1rio de Estado da Solidariedade e Seguran\u00e7a Social<\/strong>, entre muitas outras.\u00a0<\/p><p>\u2022 Marco Ant\u00f3nio Costa tem um <strong>Curso Executivo Avan\u00e7ado em Ci\u00eancias Jur\u00eddicas pela Universidade Cat\u00f3lica de Lisboa<\/strong> e \u00e9 <strong>licenciado em Direito pela Universidade Cat\u00f3lica do Porto<\/strong>.\u00a0<\/p>\t\t\t\t\t\t<\/div>\n\t\t\t\t<\/div>\n\t\t\t\t<\/div>\n\t\t<div class=\"elementor-element elementor-element-26f2722 e-con-full e-flex e-con e-child\" data-id=\"26f2722\" data-element_type=\"container\" data-settings=\"{&quot;content_width&quot;:&quot;full&quot;}\">\n\t\t\t\t<div class=\"elementor-element elementor-element-fca793e elementor-widget elementor-widget-image\" data-id=\"fca793e\" data-element_type=\"widget\" data-widget_type=\"image.default\">\n\t\t\t\t<div class=\"elementor-widget-container\">\n\t\t\t\t\t\t\t\t\t\t\t\t\t<img loading=\"lazy\" decoding=\"async\" width=\"640\" height=\"614\" src=\"https:\/\/eixoedebate.pt\/wp-content\/uploads\/2024\/10\/Soro.png\" class=\"attachment-large size-large wp-image-711\" alt=\"\" srcset=\"https:\/\/eixoedebate.pt\/wp-content\/uploads\/2024\/10\/Soro.png 640w, https:\/\/eixoedebate.pt\/wp-content\/uploads\/2024\/10\/Soro-300x288.png 300w\" sizes=\"(max-width: 640px) 100vw, 640px\" \/>\t\t\t\t\t\t\t\t\t\t\t\t\t<\/div>\n\t\t\t\t<\/div>\n\t\t\t\t<div class=\"elementor-element elementor-element-60d05b7 elementor-widget elementor-widget-heading\" data-id=\"60d05b7\" data-element_type=\"widget\" data-widget_type=\"heading.default\">\n\t\t\t\t<div class=\"elementor-widget-container\">\n\t\t\t<h2 class=\"elementor-heading-title elementor-size-default\">Miguel Soro<\/h2>\t\t<\/div>\n\t\t\t\t<\/div>\n\t\t\t\t<div class=\"elementor-element elementor-element-93d91f4 elementor-widget elementor-widget-heading\" data-id=\"93d91f4\" data-element_type=\"widget\" data-widget_type=\"heading.default\">\n\t\t\t\t<div class=\"elementor-widget-container\">\n\t\t\t<h2 class=\"elementor-heading-title elementor-size-default\">Diretor-Geral<\/h2>\t\t<\/div>\n\t\t\t\t<\/div>\n\t\t\t\t<div class=\"elementor-element elementor-element-7c3bfc4 elementor-widget elementor-widget-text-editor\" data-id=\"7c3bfc4\" data-element_type=\"widget\" data-widget_type=\"text-editor.default\">\n\t\t\t\t<div class=\"elementor-widget-container\">\n\t\t\t\t\t\t\t<p>\u2022 Desempenhou fun\u00e7\u00f5es como <strong>Diretor Corporativo no novobanco e no Banco Esp\u00edrito Santo<\/strong>.\u00a0<\/p><p>\u2022 Vasta experi\u00eancia em projetos de banca de investimento e de empresas, incluindo M&amp;A, Reestrutura\u00e7\u00e3o de D\u00edvida, entre outros, tendo participado em alguns casos conhecidos no panorama empresarial portugu\u00eas.<\/p><p>\u2022 Miguel Soro possui um <strong>Advanced Executive Course<\/strong> do <strong>INSEAD Business School<\/strong>, <strong>Leadership Programme do IESE Business School<\/strong>, <strong>Mestrado em Finan\u00e7as pela Faculdade de Economia e Gest\u00e3o da Universidade do Porto e Licenciatura em Economia pela Faculdade de Economia e Gest\u00e3o da Universidade do Porto<\/strong>.<\/p>\t\t\t\t\t\t<\/div>\n\t\t\t\t<\/div>\n\t\t\t\t<\/div>\n\t\t<div class=\"elementor-element elementor-element-4d2e2df e-con-full e-flex e-con e-child\" data-id=\"4d2e2df\" data-element_type=\"container\" data-settings=\"{&quot;content_width&quot;:&quot;full&quot;}\">\n\t\t\t\t<div class=\"elementor-element elementor-element-9a3d827 elementor-widget elementor-widget-image\" data-id=\"9a3d827\" data-element_type=\"widget\" data-widget_type=\"image.default\">\n\t\t\t\t<div class=\"elementor-widget-container\">\n\t\t\t\t\t\t\t\t\t\t\t\t\t<img loading=\"lazy\" decoding=\"async\" width=\"640\" height=\"614\" src=\"https:\/\/eixoedebate.pt\/wp-content\/uploads\/2024\/10\/Carla.png\" class=\"attachment-large size-large wp-image-713\" alt=\"\" srcset=\"https:\/\/eixoedebate.pt\/wp-content\/uploads\/2024\/10\/Carla.png 640w, https:\/\/eixoedebate.pt\/wp-content\/uploads\/2024\/10\/Carla-300x288.png 300w\" sizes=\"(max-width: 640px) 100vw, 640px\" \/>\t\t\t\t\t\t\t\t\t\t\t\t\t<\/div>\n\t\t\t\t<\/div>\n\t\t\t\t<div class=\"elementor-element elementor-element-270fd5e elementor-widget elementor-widget-heading\" data-id=\"270fd5e\" data-element_type=\"widget\" data-widget_type=\"heading.default\">\n\t\t\t\t<div class=\"elementor-widget-container\">\n\t\t\t<h2 class=\"elementor-heading-title elementor-size-default\">Carla Duarte<\/h2>\t\t<\/div>\n\t\t\t\t<\/div>\n\t\t\t\t<div class=\"elementor-element elementor-element-0bc1bf6 elementor-widget elementor-widget-heading\" data-id=\"0bc1bf6\" data-element_type=\"widget\" data-widget_type=\"heading.default\">\n\t\t\t\t<div class=\"elementor-widget-container\">\n\t\t\t<h2 class=\"elementor-heading-title elementor-size-default\">Especialista em aplica\u00e7\u00f5es de Fundos Europeus<\/h2>\t\t<\/div>\n\t\t\t\t<\/div>\n\t\t\t\t<div class=\"elementor-element elementor-element-7d0216a elementor-widget elementor-widget-text-editor\" data-id=\"7d0216a\" data-element_type=\"widget\" data-widget_type=\"text-editor.default\">\n\t\t\t\t<div class=\"elementor-widget-container\">\n\t\t\t\t\t\t\t<p>\u2022 Trabalhou como c<strong>onsultora financeira em Business Association<\/strong>, supervisionando colabora\u00e7\u00f5es com entidades locais e governamentais.\u00a0<\/p><p>\u2022 Atualmente, <strong>gere e supervisiona projetos de investimento e candidaturas a v\u00e1rios fundos europeus e nacionais<\/strong>, participa ativamente em iniciativas que promovem a inova\u00e7\u00e3o social e o desenvolvimento local, atua como formadora profissional, consultora de <em>startups<\/em>, criadora de planos de neg\u00f3cios e analista financeira.\u00a0<\/p><p>\u2022 Formada em <strong>Rela\u00e7\u00f5es Internacionais na Universidade do Minho;<\/strong>\u00a0possu\u00ed uma <strong>p\u00f3s-gradua\u00e7\u00e3o<\/strong> em<strong>\u00a0<\/strong><strong><em>Business Park Management<\/em> na Universidade do <\/strong><strong>Porto<\/strong>, e um <strong>MBA Internacional em Finan\u00e7as na Universidade Cat\u00f3lica.<\/strong><\/p>\t\t\t\t\t\t<\/div>\n\t\t\t\t<\/div>\n\t\t\t\t<\/div>\n\t\t\t\t\t<\/div>\n\t\t\t\t<\/div>\n\t\t\t\t<section class=\"elementor-section elementor-top-section elementor-element elementor-element-24ed30da elementor-section-height-min-height elementor-section-boxed elementor-section-height-default elementor-section-items-middle\" data-id=\"24ed30da\" data-element_type=\"section\" data-settings=\"{&quot;background_background&quot;:&quot;classic&quot;}\">\n\t\t\t\t\t\t<div class=\"elementor-container elementor-column-gap-no\">\n\t\t\t\t\t<div class=\"elementor-column elementor-col-100 elementor-top-column elementor-element elementor-element-7524e375\" data-id=\"7524e375\" data-element_type=\"column\">\n\t\t\t<div class=\"elementor-widget-wrap elementor-element-populated\">\n\t\t\t\t\t\t<div class=\"elementor-element elementor-element-57e6b61 elementor-invisible elementor-widget elementor-widget-heading\" data-id=\"57e6b61\" data-element_type=\"widget\" data-settings=\"{&quot;_animation&quot;:&quot;fadeIn&quot;}\" data-widget_type=\"heading.default\">\n\t\t\t\t<div class=\"elementor-widget-container\">\n\t\t\t<h2 class=\"elementor-heading-title elementor-size-default\">Vamos colaborar, inovar e transformar a sua vis\u00e3o em realidade<\/h2>\t\t<\/div>\n\t\t\t\t<\/div>\n\t\t\t\t<div class=\"elementor-element elementor-element-7627d25f elementor-align-left elementor-mobile-align-center elementor-tablet-align-center elementor-invisible elementor-widget elementor-widget-button\" data-id=\"7627d25f\" data-element_type=\"widget\" data-settings=\"{&quot;_animation&quot;:&quot;fadeIn&quot;,&quot;_animation_delay&quot;:400}\" data-widget_type=\"button.default\">\n\t\t\t\t<div class=\"elementor-widget-container\">\n\t\t\t\t\t<div class=\"elementor-button-wrapper\">\n\t\t\t<a class=\"elementor-button elementor-button-link elementor-size-sm\" href=\"https:\/\/eixoedebate.pt\/contact-us\/\">\n\t\t\t\t\t\t<span class=\"elementor-button-content-wrapper\">\n\t\t\t\t\t\t<span class=\"elementor-button-text\">Contacte-nos<\/span>\n\t\t<\/span>\n\t\t\t\t\t<\/a>\n\t\t<\/div>\n\t\t\t\t<\/div>\n\t\t\t\t<\/div>\n\t\t\t\t\t<\/div>\n\t\t<\/div>\n\t\t\t\t\t<\/div>\n\t\t<\/section>\n\t\t\t\t<\/div>\n\t\t","protected":false},"excerpt":{"rendered":"<p>Quem somos No atual mundo, din\u00e2mico e interligado, os projetos com grande impacto requerem frequentemente solu\u00e7\u00f5es financeiras que s\u00e3o t\u00e3o \u00fanicas e globais como os desafios que abordam.N\u00e3o somos apenas mais uma empresa de consultoria financeira. A nossa especializa\u00e7\u00e3o consiste em identificar e coordenar estrat\u00e9gias financeiras internacionais especificamente concebidas para projetos nos setores da educa\u00e7\u00e3o, [&hellip;]<\/p>\n","protected":false},"author":1,"featured_media":232,"parent":0,"menu_order":0,"comment_status":"closed","ping_status":"closed","template":"elementor_header_footer","meta":{"footnotes":""},"class_list":["post-625","page","type-page","status-publish","has-post-thumbnail","hentry"],"_links":{"self":[{"href":"https:\/\/eixoedebate.pt\/pt-pt\/wp-json\/wp\/v2\/pages\/625","targetHints":{"allow":["GET"]}}],"collection":[{"href":"https:\/\/eixoedebate.pt\/pt-pt\/wp-json\/wp\/v2\/pages"}],"about":[{"href":"https:\/\/eixoedebate.pt\/pt-pt\/wp-json\/wp\/v2\/types\/page"}],"author":[{"embeddable":true,"href":"https:\/\/eixoedebate.pt\/pt-pt\/wp-json\/wp\/v2\/users\/1"}],"replies":[{"embeddable":true,"href":"https:\/\/eixoedebate.pt\/pt-pt\/wp-json\/wp\/v2\/comments?post=625"}],"version-history":[{"count":25,"href":"https:\/\/eixoedebate.pt\/pt-pt\/wp-json\/wp\/v2\/pages\/625\/revisions"}],"predecessor-version":[{"id":723,"href":"https:\/\/eixoedebate.pt\/pt-pt\/wp-json\/wp\/v2\/pages\/625\/revisions\/723"}],"wp:featuredmedia":[{"embeddable":true,"href":"https:\/\/eixoedebate.pt\/pt-pt\/wp-json\/wp\/v2\/media\/232"}],"wp:attachment":[{"href":"https:\/\/eixoedebate.pt\/pt-pt\/wp-json\/wp\/v2\/media?parent=625"}],"curies":[{"name":"wp","href":"https:\/\/api.w.org\/{rel}","templated":true}]}}